{"id":746,"date":"2021-12-18T16:31:53","date_gmt":"2021-12-18T15:31:53","guid":{"rendered":"https:\/\/afdetoccitaniemp.fr\/?page_id=746"},"modified":"2026-04-13T10:57:04","modified_gmt":"2026-04-13T08:57:04","slug":"monitorat","status":"publish","type":"page","link":"https:\/\/afdetoccitaniemp.fr\/?page_id=746","title":{"rendered":"Mentorat"},"content":{"rendered":"\n<div class=\"wp-block-media-text alignwide has-media-on-the-right is-stacked-on-mobile\" style=\"grid-template-columns:auto 19%\"><div class=\"wp-block-media-text__content\">\n<ol class=\"wp-block-list\">\n<li><a href=\"https:\/\/afdetoccitaniemp.fr\/wp-admin\/post.php?post=746&amp;action=edit#mentorat\">Le mentorat et l&rsquo;AFDET<\/a><\/li>\n\n\n\n<li><a href=\"#comment\">Comment devenir mentor AFDET<\/a><\/li>\n\n\n\n<li><a href=\"#mentoratmp\">Le mentorat AFDET en Midi-Pyr\u00e9n\u00e9es<\/a><\/li>\n\n\n\n<li><a href=\"#colloque\">Colloque sur le mentorat du 4 d\u00e9cembre 2023<\/a><\/li>\n\n\n\n<li><a href=\"#evenement\">Ev\u00e8nement acad\u00e9mique sur le mentorat<\/a><\/li>\n<\/ol>\n<\/div><figure class=\"wp-block-media-text__media\"><img loading=\"lazy\" decoding=\"async\" width=\"250\" height=\"250\" src=\"https:\/\/afdetoccitaniemp.fr\/wp-content\/uploads\/2023\/06\/mentorat250x250.png\" alt=\"\" class=\"wp-image-3745 size-full\" srcset=\"https:\/\/afdetoccitaniemp.fr\/wp-content\/uploads\/2023\/06\/mentorat250x250.png 250w, https:\/\/afdetoccitaniemp.fr\/wp-content\/uploads\/2023\/06\/mentorat250x250-150x150.png 150w\" sizes=\"auto, (max-width: 250px) 100vw, 250px\" \/><\/figure><\/div>\n\n\n\n<h2 class=\"wp-block-heading has-normal-font-size\" id=\"mentorat\"><strong>L&rsquo;AFDET op\u00e9rateur majeur sur le dispositif national \u00ab&nbsp;1 jeune, 1 mentor&nbsp;\u00bb<\/strong>&nbsp;<\/h2>\n\n\n\n<p>L\u2019AFDET propose aux jeunes un accompagnement personnalis\u00e9 pour mieux s\u2019orienter, se projeter, et r\u00e9ussir dans le monde professionnel. Gr\u00e2ce \u00e0 son r\u00e9seau de mentors b\u00e9n\u00e9voles, l\u2019AFDET soutient chaque ann\u00e9e de nombreux jeunes dans leur parcours scolaire et professionnel. Le mentorat de l\u2019AFDET, c\u2019est un pro \u00e0 tes c\u00f4t\u00e9s pour t\u2019aider \u00e0 avancer, \u00e0 y voir plus clair, et \u00e0 prendre confiance en toi.<\/p>\n\n\n\n<figure class=\"wp-block-image size-full is-style-default\"><img loading=\"lazy\" decoding=\"async\" width=\"982\" height=\"691\" src=\"https:\/\/afdetoccitaniemp.fr\/wp-content\/uploads\/2023\/06\/Capture-flyer-mentorat.jpg\" alt=\"\" class=\"wp-image-3744\" srcset=\"https:\/\/afdetoccitaniemp.fr\/wp-content\/uploads\/2023\/06\/Capture-flyer-mentorat.jpg 982w, https:\/\/afdetoccitaniemp.fr\/wp-content\/uploads\/2023\/06\/Capture-flyer-mentorat-300x211.jpg 300w, https:\/\/afdetoccitaniemp.fr\/wp-content\/uploads\/2023\/06\/Capture-flyer-mentorat-768x540.jpg 768w\" sizes=\"auto, (max-width: 982px) 100vw, 982px\" \/><\/figure>\n\n\n\n<p><strong>Le mentorat vise \u00e0 d\u00e9velopper des apprentissages<\/strong>, bas\u00e9s sur une relation interpersonnelle : la relation mentorale volontaire, gratuite et confidentielle, dans laquelle une personne d\u2019exp\u00e9rience (le mentor) investit son exp\u00e9rience acquise et son expertise, pour favoriser le d\u00e9veloppement d\u2019une autre personne (le mentor\u00e9) qui a des comp\u00e9tences et des habilet\u00e9s \u00e0 acqu\u00e9rir, et des objectifs professionnels et personnels \u00e0 atteindre.<\/p>\n\n\n\n<p><strong>\u00catre mentor consiste ainsi \u00e0 donner le meilleur de ce que l\u2019on porte en soi<\/strong>, ses savoirs de toute nature, \u00e9clair\u00e9s de la pluralit\u00e9 de son exp\u00e9rience. C\u2019est aussi d\u2019avoir la satisfaction en retour, de pouvoir observer les effets des efforts d\u00e9ploy\u00e9s et la prise d\u2019autonomie par les jeunes accompagn\u00e9s dans leurs projets d\u2019\u00e9tude ou d\u2019acc\u00e8s \u00e0 un m\u00e9tier.<\/p>\n\n\n\n<p><strong>Nous nous proposons d\u2019agir sur quatre axes, \u00e0 savoir,<\/strong> <\/p>\n\n\n\n<ol class=\"wp-block-list\">\n<li>Soutien au parcours scolaire, <\/li>\n\n\n\n<li>Orientation, <\/li>\n\n\n\n<li>Aide \u00e0 l\u2019insertion, <\/li>\n\n\n\n<li>Appui \u00e0 l\u2019entreprenariat,<\/li>\n<\/ol>\n\n\n\n<p><strong>Via notamment un accompagnement <\/strong>au d\u00e9veloppement des aptitudes relationnelles, une exploration de l&rsquo;offre de formation, une exploration du domaine professionnel, une pr\u00e9paration \u00e0 la r\u00e9daction du CV et de la lettre de motivation ainsi qu\u2019\u00e0 l\u2019entretien d\u2019embauche, ou au projet de cr\u00e9ation d\u2019entreprise.<\/p>\n\n\n\n<p><strong>C\u2019est la singularit\u00e9 de notre proposition envers les jeunes <\/strong>: contribuer par des \u00e9changes concrets au d\u00e9veloppement de leur sentiment d\u2019appartenance sociale, de leurs aptitudes relationnelles, autrement dit \u00e0 leur construction personnelle avec le monde environnant et leur compr\u00e9hension du sens donn\u00e9 \u00e0 leurs efforts.<\/p>\n\n\n\n<p><strong>Etre mentor c&rsquo;est contribuer \u00e0 donner (ou redonner) confiance \u00e0 chaque mentor\u00e9<\/strong>, notamment en lui offrant une ouverture au monde, \u00e0 la technologie, \u00e0 la culture, afin de d\u00e9tecter et d\u00e9velopper des potentiels qui sont trop souvent l&rsquo;apanage des mieux-n\u00e9s.<\/p>\n\n\n\n<p><strong>Il ne s&rsquo;agit pas pour autant de \u00ab\u00a0laisser faire\u00a0\u00bb<\/strong> mais au contraire, d&rsquo;amener peu \u00e0 peu le jeune mentor\u00e9 volontaire \u00e0 structurer sa d\u00e9marche \u00e0 respecter des \u00e9tapes avec des objectifs et des actions mis en oeuvre progressivement et cela dans un cadre pr\u00e9cis\u00e9 et convenu avec lui.<\/p>\n\n\n\n<p><strong>\u00catre mentor AFDET, c&rsquo;est proposer son \u00e9coute, son expertise et son r\u00e9seau<\/strong> aux jeunes mentor\u00e9s, dans le but d&rsquo;aider chacun dans ses choix ou de l&rsquo;accompagner dans la r\u00e9alisation de son projet de formation ou professionnel, par une relation interpersonnelle de soutien, d&rsquo;aide et d&rsquo;\u00e9changes bien d\u00e9finie.<\/p>\n\n\n\n<p>Plus que pour ses comp\u00e9tences techniques, m\u00eame si elles peuvent \u00eatre et seront utiles, le mentor AFDET s&rsquo;engage pour sa capacit\u00e9 et sa volont\u00e9 \u00e0 accompagner la d\u00e9marche de chaque jeune mentor\u00e9 volontaire, en s&rsquo;appuyant sur sa propre exp\u00e9rience professionnelle et sociale, sa disponibilit\u00e9 d&rsquo;\u00e9coute, son empathie et sa responsabilit\u00e9 vis-\u00e0-vis de la jeunesse.<\/p>\n\n\n\n<h2 class=\"wp-block-heading has-normal-font-size\" id=\"comment\">Comment devenir <strong>Mentor AFDET <\/strong>?<\/h2>\n\n\n\n<figure class=\"wp-block-table is-style-regular\"><table><tbody><tr><td>1-<a href=\"https:\/\/afdetoccitaniemp.fr\/wp-content\/uploads\/2021\/12\/AFDET-Charte-dengagement-des-mentors.pdf\">Compl\u00e9ter et signer la charte d&rsquo;engagement<\/a><\/td><\/tr><tr><td>2- Remplir le <a href=\"https:\/\/www.afdetfrance.org\/candidature-mentor-_r_55.html\" target=\"_blank\" rel=\"noreferrer noopener\">formulaire de candidature en ligne<\/a><\/td><\/tr><tr><td>3- Soumettre sa candidature en ligne en bas du formulaire<\/td><\/tr><\/tbody><\/table><\/figure>\n\n\n\n<div class=\"wp-block-file\"><a id=\"wp-block-file--media-95210467-1554-493c-93c9-d71400e5aea3\" href=\"https:\/\/afdetoccitaniemp.fr\/wp-content\/uploads\/2021\/12\/AFDET-Charte-dengagement-des-mentors.pdf\"> Charte d&rsquo;engagement du mentor AFDET<\/a><a href=\"https:\/\/afdetoccitaniemp.fr\/wp-content\/uploads\/2021\/12\/AFDET-Charte-dengagement-des-mentors.pdf\" class=\"wp-block-file__button wp-element-button\" download aria-describedby=\"wp-block-file--media-95210467-1554-493c-93c9-d71400e5aea3\">T\u00e9l\u00e9charger<\/a><\/div>\n\n\n\n<div class=\"wp-block-file\"><a id=\"wp-block-file--media-a77eb4d5-e54e-446f-be09-12cb94f5fb32\" href=\"https:\/\/afdetoccitaniemp.fr\/wp-content\/uploads\/2021\/12\/Le-mentorat-AFDET.pdf\">Le mentorat AFDET<\/a><a href=\"https:\/\/afdetoccitaniemp.fr\/wp-content\/uploads\/2021\/12\/Le-mentorat-AFDET.pdf\" class=\"wp-block-file__button wp-element-button\" download aria-describedby=\"wp-block-file--media-a77eb4d5-e54e-446f-be09-12cb94f5fb32\">T\u00e9l\u00e9charger<\/a><\/div>\n\n\n\n<p><\/p>\n\n\n\n<p><\/p>\n\n\n\n<p>L&rsquo;AFDET est l&rsquo;une des associations r\u00e9f\u00e9renc\u00e9es par le site \u00ab\u00a0<a rel=\"noreferrer noopener\" href=\"https:\/\/lementorat.fr\/\" target=\"_blank\">Collectif Mentorat<\/a>\u00ab\u00a0.<\/p>\n\n\n\n<figure class=\"wp-block-image size-full is-resized is-style-default\"><img loading=\"lazy\" decoding=\"async\" width=\"615\" height=\"865\" src=\"https:\/\/afdetoccitaniemp.fr\/wp-content\/uploads\/2022\/06\/Capture-fiche-collectif-mentorat.jpg\" alt=\"\" class=\"wp-image-1852\" style=\"width:678px;height:auto\" srcset=\"https:\/\/afdetoccitaniemp.fr\/wp-content\/uploads\/2022\/06\/Capture-fiche-collectif-mentorat.jpg 615w, https:\/\/afdetoccitaniemp.fr\/wp-content\/uploads\/2022\/06\/Capture-fiche-collectif-mentorat-213x300.jpg 213w\" sizes=\"auto, (max-width: 615px) 100vw, 615px\" \/><\/figure>\n\n\n\n<h2 class=\"wp-block-heading\" style=\"font-size:19px\">Perspectives 2025-2026 dans l&rsquo;acad\u00e9mie de TOULOUSE<\/h2>\n\n\n\n<p>Nos mentors ont poursuivi leur collaboration avec leurs deux partenaires habituels&nbsp;:<\/p>\n\n\n\n<ul class=\"wp-block-list\">\n<li>Les <strong>Missions de Lutte contre le D\u00e9crochage Scolaire<\/strong> (MLDS) implant\u00e9es dans l\u2019ARIEGE, le GERS, \u00e0 TOULOUSE ouest, TOULOUSE centre, TOULOUSE sud-est, TOULOUSE sud-ouest, MURET, et dans le COMMINGES.<\/li>\n\n\n\n<li>Les <strong>dispositifs de pr\u00e9voyance de d\u00e9crochage scolaire <\/strong>du LP Mathou \u00e0 GOURDAN-POLIGNAN, du LP E. et N. Casteret de SAINT-GAUDENS, du lyc\u00e9e Bagatelle de SAINT-GAUDENS et du coll\u00e8ge J.J Rousseau de LABASTIDE-SAINT-PIERRE.<\/li>\n<\/ul>\n\n\n\n<div class=\"wp-block-columns is-layout-flex wp-container-core-columns-is-layout-9d6595d7 wp-block-columns-is-layout-flex\">\n<div class=\"wp-block-column is-layout-flow wp-block-column-is-layout-flow\" style=\"flex-basis:66.66%\"><\/div>\n\n\n\n<div class=\"wp-block-column is-layout-flow wp-block-column-is-layout-flow\" style=\"flex-basis:33.33%\"><\/div>\n<\/div>\n\n\n\n<p><\/p>\n","protected":false},"excerpt":{"rendered":"<p>L&rsquo;AFDET op\u00e9rateur majeur sur le dispositif national \u00ab&nbsp;1 jeune, 1 mentor&nbsp;\u00bb&nbsp; L\u2019AFDET propose aux jeunes un accompagnement personnalis\u00e9 pour mieux s\u2019orienter, se projeter, et r\u00e9ussir dans le monde professionnel. Gr\u00e2ce <a class=\"more-link\" href=\"https:\/\/afdetoccitaniemp.fr\/?page_id=746\">Continue Reading &rarr;<\/a><\/p>\n","protected":false},"author":1,"featured_media":0,"parent":93,"menu_order":0,"comment_status":"closed","ping_status":"closed","template":"","meta":{"footnotes":""},"class_list":["post-746","page","type-page","status-publish","hentry"],"_links":{"self":[{"href":"https:\/\/afdetoccitaniemp.fr\/index.php?rest_route=\/wp\/v2\/pages\/746","targetHints":{"allow":["GET"]}}],"collection":[{"href":"https:\/\/afdetoccitaniemp.fr\/index.php?rest_route=\/wp\/v2\/pages"}],"about":[{"href":"https:\/\/afdetoccitaniemp.fr\/index.php?rest_route=\/wp\/v2\/types\/page"}],"author":[{"embeddable":true,"href":"https:\/\/afdetoccitaniemp.fr\/index.php?rest_route=\/wp\/v2\/users\/1"}],"replies":[{"embeddable":true,"href":"https:\/\/afdetoccitaniemp.fr\/index.php?rest_route=%2Fwp%2Fv2%2Fcomments&post=746"}],"version-history":[{"count":130,"href":"https:\/\/afdetoccitaniemp.fr\/index.php?rest_route=\/wp\/v2\/pages\/746\/revisions"}],"predecessor-version":[{"id":5012,"href":"https:\/\/afdetoccitaniemp.fr\/index.php?rest_route=\/wp\/v2\/pages\/746\/revisions\/5012"}],"up":[{"embeddable":true,"href":"https:\/\/afdetoccitaniemp.fr\/index.php?rest_route=\/wp\/v2\/pages\/93"}],"wp:attachment":[{"href":"https:\/\/afdetoccitaniemp.fr\/index.php?rest_route=%2Fwp%2Fv2%2Fmedia&parent=746"}],"curies":[{"name":"wp","href":"https:\/\/api.w.org\/{rel}","templated":true}]}}