{"id":2804,"date":"2023-02-09T09:15:37","date_gmt":"2023-02-09T08:15:37","guid":{"rendered":"https:\/\/afdetoccitaniemp.fr\/?page_id=2804"},"modified":"2025-02-22T16:59:15","modified_gmt":"2025-02-22T15:59:15","slug":"suivi-de-nos-interventions","status":"publish","type":"page","link":"https:\/\/afdetoccitaniemp.fr\/?page_id=2804","title":{"rendered":"Suivi de nos interventions"},"content":{"rendered":"<div class=\"wp-block-image\">\n<figure class=\"aligncenter size-full is-resized\"><img loading=\"lazy\" decoding=\"async\" width=\"359\" height=\"94\" src=\"https:\/\/afdetoccitaniemp.fr\/wp-content\/uploads\/2024\/10\/Capture-annee-2024-2025.jpg\" alt=\"\" class=\"wp-image-4748\" style=\"width:325px;height:auto\" srcset=\"https:\/\/afdetoccitaniemp.fr\/wp-content\/uploads\/2024\/10\/Capture-annee-2024-2025.jpg 359w, https:\/\/afdetoccitaniemp.fr\/wp-content\/uploads\/2024\/10\/Capture-annee-2024-2025-300x79.jpg 300w\" sizes=\"auto, (max-width: 359px) 100vw, 359px\" \/><\/figure>\n<\/div>\n\n\n<p><\/p>\n\n\n\n<h2 class=\"wp-block-heading has-vivid-cyan-blue-color has-text-color has-link-color wp-elements-51e1354e08a2afc54d01cf86a789524a\" style=\"font-size:25px\">Forums<\/h2>\n\n\n\n<ul class=\"wp-block-list\">\n<li>Le <strong>13 f\u00e9vrier 2025<\/strong>, un animateur a tenu le stand AFDET, de 9h00 \u00e0 17h00, au forum organis\u00e9 par l\u2019Association Locale des Parents d\u2019El\u00e8ves de PLAISANCE DU TOUCH (31) \u00e0 l\u2019espace Monasti\u00e9.<\/li>\n\n\n\n<li>Le <strong>7 f\u00e9vrier 2025<\/strong>, deux animateurs AFDET ont particip\u00e9 au forum organis\u00e9 par le Lyc\u00e9e Notre Dame de CASTRES (81).<\/li>\n\n\n\n<li>Les <strong>23 &amp; 24 janvier 2025<\/strong>, 5 animateurs se sont relay\u00e9s pour tenir le stand AFDET au forum ID m\u00e9tiers organis\u00e9 par la R\u00e9gion, salle du Mouzon \u00e0 AUCH (32).<\/li>\n\n\n\n<li>Le <strong>13 janvier 2025<\/strong>, participation d\u2019un repr\u00e9sentant de l\u2019AFDET au campus des m\u00e9tiers organis\u00e9 au Lyc\u00e9e Saint Exup\u00e9ry de BLAGNAC (31) de 10h00 \u00e0 12h00.<\/li>\n\n\n\n<li>Le <strong>16 d\u00e9cembre 2024<\/strong>, participation de trois repr\u00e9sentants de l\u2019AFDET au campus des m\u00e9tiers organis\u00e9 au Lyc\u00e9e Saint Exup\u00e9ry de BLAGNAC (31) de 10h00 \u00e0 12h00<\/li>\n\n\n\n<li>Le <strong>18 octobre 2024<\/strong>, Participation de repr\u00e9sentants de l\u2019AFDET au forum organis\u00e9 au Lyc\u00e9e Pierre d\u2019Aragon de MURET (31) de 8h15 \u00e0 12h00.<\/li>\n<\/ul>\n\n\n\n<h2 class=\"wp-block-heading has-vivid-cyan-blue-color has-text-color has-link-color wp-elements-e9eef21e8783acc0db6133543f7c2f28\" style=\"font-size:25px\">Simulations d&rsquo;entretien d&#8217;embauche et de recherche de PFMP\/stage (SEE)<\/h2>\n\n\n\n<ul class=\"wp-block-list\">\n<li>Le <strong>13 f\u00e9vrier 2025<\/strong>, pr\u00e9 visite SEE de deux animateurs au Lyc\u00e9e Paul Mathou de GOURDAN-POLIGNAN (31) aupr\u00e8s d\u2019\u00e9l\u00e8ves de terminales Bac Pro Plomberie, MELEC, TP et maintenance.<\/li>\n\n\n\n<li>Le <strong>4 f\u00e9vrier 2025<\/strong>, session SEE au lyc\u00e9e Pierre d\u2019Aragon de MURET (31) avec 27 \u00e9l\u00e8ves de 2<sup>nde<\/sup> bac pro GATL (Gestion Administrative, Transport &amp; Logistique.<\/li>\n\n\n\n<li>Les <strong>27 &amp; 28 janvier 2025<\/strong>, sessions SEE au lyc\u00e9e Champollion de FIGEAC (46) avec 5 classes de 1<sup>\u00e8re<\/sup> bac pro IMA, IMELEC, AGORA, TRPM et CIEL, qui ont mobilis\u00e9 8 intervenants sur les deux jours.<\/li>\n\n\n\n<li>Le <strong>14 janvier<\/strong>, pr\u00e9-visite SEE de deux animateurs au lyc\u00e9e Pierre d\u2019Aragon de MURET (31) aupr\u00e8s d\u2019une classe de 2<sup>nde<\/sup> bac pro GATL (Gestion Administrative, Transport &amp; Logistique.<\/li>\n\n\n\n<li>Le <strong>9 janvier<\/strong>, pr\u00e9-visite SEE de deux animateurs au lyc\u00e9e Champollion de FIGEAC (46) aupr\u00e8s de 5 classes de 2<sup>\u00e8me<\/sup> ann\u00e9e de bac pro IMA, IMELEC, AGORA, TRPM et CIEL.<\/li>\n\n\n\n<li>Les<strong> 27 et 28 novembre 2024<\/strong>, sessions d\u2019entretiens men\u00e9es par 5 animateur(trice)s avec les \u00e9l\u00e8ves des 5 classes du lyc\u00e9e Elisabeth et Norbert Casteret de SAINT-GAUDENS (31) (une 1\u00e8re ann\u00e9e de CAP et quatre 1\u00e8re ann\u00e9es de bac pro).<\/li>\n\n\n\n<li>Le <strong>21 novembre 2024<\/strong>, pr\u00e9-visite SEE de deux animateurs au lyc\u00e9e Elisabeth et Norbert Casteret de SAINT-GAUDENS (31) aupr\u00e8s de 61 \u00e9l\u00e8ves de 1\u00e8re ann\u00e9e CAP Equipier Polyvalent de Commerce et de 1\u00e8re ann\u00e9e de bac pro M\u00e9tiers de la Relation Clients.<\/li>\n\n\n\n<li>Le <strong>16 octobre 2024<\/strong>, session SEE avec 24 \u00e9l\u00e8ves de 1<sup>\u00e8re<\/sup> ann\u00e9e de BTS Tourisme de l\u2019Institut Limayrac de TOULOUSE (31).<\/li>\n\n\n\n<li>Le <strong>15 octobre 2024<\/strong>, session SEE avec 24 \u00e9l\u00e8ves de 1<sup>\u00e8re<\/sup> ann\u00e9e de BTS Tourisme de l\u2019Institut Limayrac de TOULOUSE (31).<\/li>\n\n\n\n<li>Le<strong> 11 octobre 2024<\/strong>, session SEE avec 19 \u00e9l\u00e8ves de 1<sup>\u00e8re<\/sup> ann\u00e9e CAP Employ\u00e9 Polyvalent de commerce du lyc\u00e9e Pierre d\u2019Aragon de MURET (31).<\/li>\n\n\n\n<li>Le<strong> 10 octobre 2024<\/strong>, session SEE avec 18 \u00e9l\u00e8ves de 1<sup>\u00e8re<\/sup> ann\u00e9e bac pro M\u00e9tiers de la Relation Client du lyc\u00e9e Pierre d\u2019Aragon de MURET (31).<\/li>\n\n\n\n<li>Le<strong> 08 octobre 2024<\/strong>, session SEE avec 18 \u00e9l\u00e8ves de 1<sup>\u00e8re<\/sup> ann\u00e9e bac pro M\u00e9tiers de la Relation Client du lyc\u00e9e Pierre d\u2019Aragon de MURET (31).<\/li>\n\n\n\n<li>Le<strong> 07 octobre 2024<\/strong>, session SEE au lyc\u00e9e Les Potiers \u00e0 TOULOUSE (31) avec 17 \u00e9l\u00e8ves de terminale Bac Pro \u00ab&nbsp;CIEL&nbsp;\u00bb (Cybers\u00e9curit\u00e9, Informatique et Electronique).<\/li>\n\n\n\n<li>Le <strong>03 octobre 2024<\/strong>, pr\u00e9-visite SEE \u00e0 l\u2019Institut Limayrac de TOULOUSE (31) aupr\u00e8s d\u2019une classe de 1<sup>\u00e8re<\/sup> ann\u00e9e BTS Tourisme.<\/li>\n\n\n\n<li>Le<strong> 1<sup>er<\/sup> octobre 2024<\/strong>, pr\u00e9-visite SEE au lyc\u00e9e Pierre d\u2019Aragon de MURET (31) avec 36 \u00e9l\u00e8ves de 1<sup>\u00e8re<\/sup> ann\u00e9e CAP Relation Client. Une session de 9h00 \u00e0 11h, et une session de 13h30 \u00e0 15h30.<\/li>\n\n\n\n<li>Le <strong>27 septembre 2024<\/strong>, pr\u00e9-visite SEE au lyc\u00e9e Pierre d\u2019Aragon de MURET (31) avec 19 \u00e9l\u00e8ves de 1<sup>\u00e8re<\/sup> ann\u00e9e CAP Employ\u00e9 Polyvalent de Commerce.<\/li>\n<\/ul>\n\n\n\n<h2 class=\"wp-block-heading has-vivid-cyan-blue-color has-text-color has-link-color wp-elements-36280641a78f0faea2dedeed7f39014e\" style=\"font-size:25px\">Site AIRBUS : pr\u00e9-visites et encadrement de \u00ab\u00a0let&rsquo;s visit AIRBUS\u00a0\u00bb<\/h2>\n\n\n\n<ul class=\"wp-block-list\">\n<li>Le <strong>7 f\u00e9vrier 2025<\/strong>, un animateur m\u00e9tiers s\u2019est rendu au coll\u00e8ge d\u2019Istrie de PRAYSSAC (46) pour y pr\u00e9parer la visite du site Airbus de BLAGNAC de coll\u00e9giens de 3\u00e8me.<\/li>\n\n\n\n<li>Le <strong>6 f\u00e9vrier 2025<\/strong>, un animateur AFDET a encadr\u00e9 des jeunes de la Mission Locale de TOULOUSE (31) lors de leur visite du site Airbus de BLAGNAC.<\/li>\n\n\n\n<li>Le <strong>4 f\u00e9vrier 2025<\/strong>, une animatrice AFDET a encadr\u00e9 des \u00e9l\u00e8ves de troisi\u00e8me du coll\u00e8ge Lamartine de TOULOUSE (31) lors de leur visite du site Airbus de BLAGNAC.<\/li>\n\n\n\n<li>Le <strong>21 janvier 2025<\/strong>, un animateur m\u00e9tiers s\u2019est rendu au coll\u00e8ge Lamartine de TOULOUSE (31) pour y pr\u00e9parer la visite du site Airbus de BLAGNAC de coll\u00e9giens de 3\u00e8me.<\/li>\n\n\n\n<li>Le <strong>14 janvier 2025<\/strong>, une animatrice AFDET a encadr\u00e9 des \u00e9l\u00e8ves de troisi\u00e8me du coll\u00e8ge Maurice B\u00e9cane de TOULOUSE (31) lors de leur visite du site Airbus de BLAGNAC.<\/li>\n\n\n\n<li>Le <strong>13 janvier 2025<\/strong>, un animateur m\u00e9tiers s\u2019est rendu au coll\u00e8ge Maurice B\u00e9cane de TOULOUSE (31) pour y pr\u00e9parer la visite du site Airbus de BLAGNAC de coll\u00e9giens de 3\u00e8me.<\/li>\n\n\n\n<li>Le <strong>07 janvier 2025<\/strong>, un animateur AFDET a encadr\u00e9 des \u00e9l\u00e8ves de troisi\u00e8me du coll\u00e8ge Sabine WEISS de TOULOUSE (31) lors de leur visite du site Airbus de BLAGNAC.<\/li>\n\n\n\n<li>Le <strong>12 d\u00e9cembre 2024<\/strong>, un animateur m\u00e9tiers s\u2019est rendu au coll\u00e8ge Sabine Weiss de TOULOUSE (31) pour y pr\u00e9parer la visite du site Airbus de BLAGNAC de coll\u00e9giens de 3\u00e8me.<\/li>\n<\/ul>\n\n\n<div class=\"wp-block-image is-style-default\">\n<figure class=\"aligncenter size-full\"><img loading=\"lazy\" decoding=\"async\" width=\"344\" height=\"89\" src=\"https:\/\/afdetoccitaniemp.fr\/wp-content\/uploads\/2023\/09\/Capture-annee-2023-2024.jpg\" alt=\"\" class=\"wp-image-3786\" srcset=\"https:\/\/afdetoccitaniemp.fr\/wp-content\/uploads\/2023\/09\/Capture-annee-2023-2024.jpg 344w, https:\/\/afdetoccitaniemp.fr\/wp-content\/uploads\/2023\/09\/Capture-annee-2023-2024-300x78.jpg 300w\" sizes=\"auto, (max-width: 344px) 100vw, 344px\" \/><\/figure>\n<\/div>\n\n\n<div class=\"wp-block-media-text alignwide is-stacked-on-mobile\" style=\"grid-template-columns:21% auto\"><figure class=\"wp-block-media-text__media\"><img loading=\"lazy\" decoding=\"async\" width=\"387\" height=\"640\" src=\"https:\/\/afdetoccitaniemp.fr\/wp-content\/uploads\/2023\/10\/IMG_6888.jpg\" alt=\"\" class=\"wp-image-3972 size-full\" srcset=\"https:\/\/afdetoccitaniemp.fr\/wp-content\/uploads\/2023\/10\/IMG_6888.jpg 387w, https:\/\/afdetoccitaniemp.fr\/wp-content\/uploads\/2023\/10\/IMG_6888-181x300.jpg 181w\" sizes=\"auto, (max-width: 387px) 100vw, 387px\" \/><\/figure><div class=\"wp-block-media-text__content\">\n<p>Le <strong>jeudi 19 octobre 2023<\/strong>, Michel RAUFAST, responsable des missions hors mentorat, a r\u00e9uni les animateurs m\u00e9tiers au lyc\u00e9e Ren\u00e9e Bonnet de TOULOUSE pour faire le bilan des missions en 2022-2023 et pr\u00e9parer celles qui seront effectu\u00e9es en 2023-2024. Cette session de travail aura permis \u00e0 tous les participants de r\u00e9fl\u00e9chir collectivement \u00e0 leurs pratiques et \u00e0 leurs outils, d\u2019en \u00e9valuer l\u2019efficacit\u00e9 et de travailler \u00e0 les am\u00e9liorer pour r\u00e9pondre encore plus efficacement aux attentes des jeunes et de leurs formateurs.<\/p>\n<\/div><\/div>\n\n\n\n<figure class=\"wp-block-image size-full is-style-default\"><img loading=\"lazy\" decoding=\"async\" width=\"640\" height=\"301\" src=\"https:\/\/afdetoccitaniemp.fr\/wp-content\/uploads\/2023\/10\/IMG_6886.jpg\" alt=\"\" class=\"wp-image-3920\" srcset=\"https:\/\/afdetoccitaniemp.fr\/wp-content\/uploads\/2023\/10\/IMG_6886.jpg 640w, https:\/\/afdetoccitaniemp.fr\/wp-content\/uploads\/2023\/10\/IMG_6886-300x141.jpg 300w\" sizes=\"auto, (max-width: 640px) 100vw, 640px\" \/><\/figure>\n\n\n\n<h2 class=\"wp-block-heading has-vivid-cyan-blue-color has-text-color has-link-color wp-elements-6be82aadf0e43c7683fefcffce4e2a29\" style=\"font-size:25px\">Bilan 2023-2024<\/h2>\n\n\n\n<figure class=\"wp-block-image size-full is-resized is-style-default\"><img loading=\"lazy\" decoding=\"async\" width=\"668\" height=\"449\" src=\"https:\/\/afdetoccitaniemp.fr\/wp-content\/uploads\/2024\/06\/Capture-interventions-2024.jpg\" alt=\"\" class=\"wp-image-4675\" style=\"width:678px;height:auto\" srcset=\"https:\/\/afdetoccitaniemp.fr\/wp-content\/uploads\/2024\/06\/Capture-interventions-2024.jpg 668w, https:\/\/afdetoccitaniemp.fr\/wp-content\/uploads\/2024\/06\/Capture-interventions-2024-300x202.jpg 300w\" sizes=\"auto, (max-width: 668px) 100vw, 668px\" \/><\/figure>\n\n\n\n<figure class=\"wp-block-image size-full is-style-default\"><img loading=\"lazy\" decoding=\"async\" width=\"669\" height=\"445\" src=\"https:\/\/afdetoccitaniemp.fr\/wp-content\/uploads\/2024\/06\/Capture-heures-2024.jpg\" alt=\"\" class=\"wp-image-4676\" srcset=\"https:\/\/afdetoccitaniemp.fr\/wp-content\/uploads\/2024\/06\/Capture-heures-2024.jpg 669w, https:\/\/afdetoccitaniemp.fr\/wp-content\/uploads\/2024\/06\/Capture-heures-2024-300x200.jpg 300w\" sizes=\"auto, (max-width: 669px) 100vw, 669px\" \/><\/figure>\n\n\n\n<h2 class=\"wp-block-heading has-vivid-cyan-blue-color has-text-color\" style=\"font-size:25px\"><strong>Forums &amp; salons<\/strong><\/h2>\n\n\n\n<ul class=\"wp-block-list\">\n<li>Le<strong> 23 mars 2024, <\/strong>participation de trois de nos animateurs au forum organis\u00e9 \u00e0 la grande halle de l\u2019UNION (31).<\/li>\n\n\n\n<li>Le <strong>9 f\u00e9vrier 2024<\/strong>, participation de deux de nos animateurs au forum organis\u00e9 au lyc\u00e9e Pierre Mend\u00e8s-France de VIC-BIGORRE (65).<\/li>\n\n\n\n<li>Le <strong>8 f\u00e9vrier 2024<\/strong>, participation de trois de nos animateurs au forum organis\u00e9 \u00e0 l\u2019Espace Monasti\u00e9 de PLAISANCE-DU-TOUCH (31) par l\u2019Association Locale de Parents d\u2019El\u00e8ves.<\/li>\n\n\n\n<li>Le <strong>6 f\u00e9vrier 2024<\/strong>, participation de deux de nos animateurs au forum organis\u00e9 \u00e0 l\u2019Ensemble Scolaire Catholique Jean XXIII de PAMIERS (09)<\/li>\n\n\n\n<li>Le <strong>30 janvier 2024,<\/strong> participation de 4 de nos animateurs au forum organis\u00e9 par la communaut\u00e9 de communes Tarn-Agout \u00e0 la halle d&rsquo;Occitanie \u00e0 LAVAUR (81).<\/li>\n\n\n\n<li>Le <strong>26 janvier 2024<\/strong>, participation de deux de nos animateurs au forum organis\u00e9 au lyc\u00e9e G\u00e9n\u00e9ral et Technologique Notre Dame de CASTRES (81).<\/li>\n\n\n\n<li>Le<strong> 16 janvier 2024, <\/strong>participation de trois de nos animateurs au forum organis\u00e9 au CREPS de Lespinet \u00e0 TOULOUSE (31).<\/li>\n\n\n\n<li>Le<strong> 18 d\u00e9cembre <\/strong>2023, animation d&rsquo;un stand au campus des m\u00e9tiers organis\u00e9 au lyc\u00e9e St-Exup\u00e9ry de BLAGNAC (31).<\/li>\n\n\n\n<li>Le<strong> 14 et le 15 d\u00e9cembre 2023<\/strong>, participation de 8 de nos animateurs au Forum ID m\u00e9tiers organis\u00e9 par la R\u00e9gion OCCITANIE au parc des expositions de CAHORS (46).<\/li>\n\n\n\n<li>Le <strong>18 novembre 2023<\/strong>, animation d&rsquo;un stand \u00e0 la maison de l&rsquo;orientation de TOULOUSE, dans le cadre de l&rsquo;op\u00e9ration \u00ab\u00a0Mon parcours d&rsquo;orientation\u00a0\u00bb, organis\u00e9e par la R\u00e9gion Occitanie.<\/li>\n<\/ul>\n\n\n\n<h2 class=\"wp-block-heading has-vivid-cyan-blue-color has-text-color\" style=\"font-size:25px\">Pr\u00e9sentation des m\u00e9tiers<\/h2>\n\n\n\n<ul class=\"wp-block-list\">\n<li>Le <strong>28 mars 2024<\/strong>, intervention de deux animateurs devant des \u00e9l\u00e8ves du coll\u00e8ge Cl\u00e9mence Isaure de TOULOUSE (31).<\/li>\n\n\n\n<li>Le <strong>8 f\u00e9vrier 2024<\/strong>, intervention de quatre animateurs devant trois classes de de 3<sup>\u00e8me<\/sup> du coll\u00e8ge Jean-Paul Laurens d\u2019AYGUEVIVES (31).<\/li>\n\n\n\n<li>Le <strong>6 f\u00e9vrier 2024<\/strong>, intervention de trois animateurs devant trois classes de de 3<sup>\u00e8me<\/sup> du coll\u00e8ge Jean-Paul Laurens d\u2019AYGUEVIVES (31).<\/li>\n\n\n\n<li>Le <strong>5 f\u00e9vrier 2024<\/strong>, intervention de deux animateurs devant des jeunes de 3<sup>\u00e8me<\/sup> au lyc\u00e9e Saint-Exup\u00e9ry de BLAGNAC (31).<\/li>\n\n\n\n<li>Le <strong>18 janvier 2024<\/strong>, intervention de trois animateurs devant des jeunes de 3<sup>\u00e8me<\/sup> du coll\u00e8ge de SEYSSES (31).<\/li>\n\n\n\n<li>Le <strong>16 janvier 2024<\/strong>, intervention de deux animateurs devant des jeunes de 3<sup>\u00e8me<\/sup> du coll\u00e8ge de SEYSSES (31).<\/li>\n\n\n\n<li>Le <strong>15 janvier 2024<\/strong>, intervention de deux animateurs devant des \u00e9l\u00e8ves de 4<sup>\u00e8me<\/sup> au lyc\u00e9e Saint-Exup\u00e9ry de BLAGNAC (31).<\/li>\n\n\n\n<li>Le <strong>09 janvier 2024<\/strong>, rencontre de l\u2019un de nos animateurs avec des \u00e9l\u00e8ves du lyc\u00e9e Charles de Gaulle de MURET (31).<\/li>\n\n\n\n<li>Le <strong>21 d\u00e9cembre 2023<\/strong>, deux animateurs m\u00e9tiers interviennent devant deux classes d&rsquo;\u00e9l\u00e8ves de 4\u00e8me du coll\u00e8ge Fran\u00e7ois Mitterand de FENOUILLET (31).<\/li>\n\n\n\n<li>Le <strong>13 d\u00e9cembre 2023<\/strong>, deux animateurs m\u00e9tiers interviennent devant deux classes d&rsquo;\u00e9l\u00e8ves de bac pro au lyc\u00e9e d&rsquo;Artagnan de NOGARO (32).<\/li>\n\n\n\n<li>Le <strong>24 novembre 2023<\/strong>, intervention de deux animateurs m\u00e9tiers aupr\u00e8s de deux groupes d&rsquo;\u00e9l\u00e8ves du coll\u00e8ge Val d&rsquo;Adour de RISCLE (32).<\/li>\n<\/ul>\n\n\n\n<h2 class=\"wp-block-heading has-vivid-cyan-blue-color has-text-color\" style=\"font-size:25px\">Simulations d&rsquo;entretien d&#8217;embauche et de recherche de PFMP\/stage (SEE)<\/h2>\n\n\n\n<ul class=\"wp-block-list\">\n<li>Le<strong> 21 mai 2024<\/strong>, pr\u00e9-visite et session SEE au lyc\u00e9e Champollion de FIGEAC avec des \u00e9l\u00e8ves de premi\u00e8re bac pro Transformation, r\u00e9alisation de produits m\u00e9caniques, de premi\u00e8re bac pro M\u00e9tiers de l\u2019Electricit\u00e9 et de premi\u00e8re bac pro syst\u00e8mes num\u00e9riques.<\/li>\n\n\n\n<li>Le<strong> 17 mai 2024<\/strong>, session SEE avec des \u00e9l\u00e8ves de seconde bac pro M\u00e9tiers de la Relation Client du lyc\u00e9e Pardailhan d\u2019AUCH (32).<\/li>\n\n\n\n<li>Le <strong>14 mai 2024<\/strong>, session SEE \u00e0 l\u2019EREA de PAMIERS avec des \u00e9l\u00e8ves de troisi\u00e8me SEGPA&nbsp;;<\/li>\n\n\n\n<li>Le <strong>13 mai 2024<\/strong>, pr\u00e9-visite et session SEE au lyc\u00e9e Champollion de FIGEAC avec des \u00e9l\u00e8ves de terminale bac pro Transformation, r\u00e9alisation de produits m\u00e9caniques, terminale bac pro terminale m\u00e9tiers de l\u2019\u00e9lectricit\u00e9 et de premi\u00e8re bac pro M\u00e9tiers de l\u2019accueil et AGORA.<\/li>\n\n\n\n<li>Le<strong> 26 avril 2024<\/strong>, pr\u00e9-visite \u00e0 l\u2019EREA de PAMIERS (09) devant 14 \u00e9l\u00e8ves de 2<sup>nde<\/sup> CAP Plombier, CAP Peinture et CAP Restauration.<\/li>\n\n\n\n<li>Le <strong>25 avril 2024<\/strong>, session SEE au lyc\u00e9e Elisabeth &amp; Norbert Casteret de SAINT-GAUDENS (31) avec 18 \u00e9l\u00e8ves de seconde Bac pro M\u00e9tiers de la Relation Client et 13 \u00e9l\u00e8ves de Bac Pro Gestion Administrative Transports Logistique.<\/li>\n\n\n\n<li>Le <strong>23 avril 2024<\/strong>, session SEE au lyc\u00e9e Elisabeth &amp; Norbert Casteret de SAINT-GAUDENS (31) avec 37 \u00e9l\u00e8ves de seconde Bac pro soins \u00e0 la personne et Cap Production et service et CAP vente<\/li>\n\n\n\n<li>Le<strong> 29 mars 2024<\/strong>, session SEE \u00e0 l\u2019EREA de PAMIERS (09) aupr\u00e8s de 15 \u00e9l\u00e8ves de 3<sup>\u00e8me<\/sup> SEGPA ayant opt\u00e9 pour une poursuite d\u2019\u00e9tude en alternance.<\/li>\n\n\n\n<li>Le <strong>26 mars 2024<\/strong>, session SEE au lyc\u00e9e Aristide Berg\u00e8s de SAINT-GIRONS (09) avec 18 \u00e9l\u00e8ves de terminale CAP Menuisier Installateur et Electricien.<\/li>\n\n\n\n<li>Le <strong>25 mars 2024<\/strong>, session SEE au lyc\u00e9e Aristide Berg\u00e8s de SAINT-GIRONS (09) avec 33 \u00e9l\u00e8ves de terminale Bac Pro \u00c9nerg\u00e9tique, Am\u00e9nagement &amp; Finitions, Gros \u0152uvre et Etude du b\u00e2timent.<\/li>\n\n\n\n<li>Le <strong>23 mars 2024<\/strong>, session SEE au lyc\u00e9e Aristide Berg\u00e8s de SAINT-GIRONS (09) avec 43 \u00e9l\u00e8ves de terminale Bac Pro.<\/li>\n\n\n\n<li>Le <strong>22 mars 2024<\/strong>, session SEE au lyc\u00e9e Pierre d\u2019Aragon de MURET (31) avec 28 \u00e9l\u00e8ves d\u2019une classe 2<sup>\u00e8me<\/sup> ann\u00e9e Bac Pro Relation Client.<\/li>\n\n\n\n<li>Le <strong>18 mars 2024<\/strong>, session SEE au lyc\u00e9e Paul Mathou de GOURDAN-POLYGNAN (31), avec des \u00e9l\u00e8ves de BTS Management et Economie de la Construction, de CAP Monteur Installateur Thermique, et de CAP r\u00e9paration de carrosserie.<\/li>\n\n\n\n<li>Le <strong>14 mars 2024<\/strong>, session SEE au lyc\u00e9e Paul Mathou de GOURDAN-POLYGNAN (31), avec des \u00e9l\u00e8ves de Bac Pro Travaux Publics, M\u00e9tiers de l\u2019Electricit\u00e9 et des environnements connect\u00e9s, Maintenance des Syst\u00e8mes de Production Connect\u00e9s, et Maintenance de v\u00e9hicules.<\/li>\n\n\n\n<li>Le <strong>13 mars 2024<\/strong>, pr\u00e9-visite au lyc\u00e9e Pierre d\u2019Aragon de MURET (31) aupr\u00e8s d\u2019\u00e9l\u00e8ves d\u2019une classe 1\u00e8re ann\u00e9e Bac Pro Relation Client.<\/li>\n\n\n\n<li>Le<strong> 08 mars 2024<\/strong>, pr\u00e9-visite \u00e0 l\u2019EREA de PAMIERS (09) devant des \u00e9l\u00e8ves de 3<sup>\u00e8me<\/sup> SEGPA ayant opt\u00e9 pour une poursuite d\u2019\u00e9tude en alternance.<\/li>\n\n\n\n<li>Le <strong>29 f\u00e9vrier 2024<\/strong>, session SEE au lyc\u00e9e Paul Mathou de GOURDAN-POLIGNAN (31) avec des \u00e9l\u00e8ves de Terminales ICCER (Installateur en Chauffage, Climatisation, Energies Renouvelables), MELEC (M\u00e9tiers de l\u2019Electricit\u00e9 et des Environnements Connect\u00e9s) et TP (Travaux Publics).<\/li>\n\n\n\n<li>Le <strong>06 f\u00e9vrier 2024<\/strong>, session SEE au lyc\u00e9e Pierre d\u2019Aragon de MURET (31) avec les \u00e9l\u00e8ves d\u2019une classe 1\u00e8re ann\u00e9e Bac Pro Gestion Administrative Transports Logistique (GATL).<\/li>\n\n\n\n<li>Le <strong>31 janvier 2024<\/strong>, pr\u00e9-visite au lyc\u00e9e Pierre d\u2019Aragon de MURET (31) aupr\u00e8s d\u2019\u00e9l\u00e8ves d&rsquo;une classe de 1\u00e8re ann\u00e9e Bac Pro Gestion Administrative Transports Logistique (GATL).<\/li>\n\n\n\n<li>Le <strong>29 janvier 2024<\/strong>, session SEE au lyc\u00e9e \u00c9lisabeth et Norbert Casteret de SAINT-GAUDENS (31) avec les \u00e9l\u00e8ves d\u2019une classe terminale de CAP \u00c9quipier Polyvalent de commerce (EPC) et avec les \u00e9l\u00e8ves d\u2019une classe terminale de CAP Assistant Technique en Milieu Familial (ATMF)<\/li>\n\n\n\n<li>Le<strong> 22 janvier 2024<\/strong>, session SEE au lyc\u00e9e \u00c9lisabeth et Norbert Casteret de SAINT-GAUDENS (31) avec les filles d\u2019une classe de terminale bac pro Services et Soins \u00e0 la Personne (SSP) et avec les \u00e9l\u00e8ves d\u2019une classe de terminale bac pro M\u00e9tiers du Commerce et de la vente (MCV).<\/li>\n\n\n\n<li>Le <strong>23 novembre 2023<\/strong>, pr\u00e9paration d\u2019entretiens&nbsp;: travail sur la r\u00e9daction d\u2019un CV avec des \u00e9l\u00e8ves de 1<sup>\u00e8re<\/sup> ann\u00e9e Bac Pro MELEC du lyc\u00e9e St\u00e9phane Hessel de TOULOUSE (31).<\/li>\n\n\n\n<li>Le <strong>14 novembre 2023<\/strong>, session SEE au lyc\u00e9e Pierre d&rsquo;Aragon de MURET(31) avec les \u00e9l\u00e8ves d\u2019une classe de premi\u00e8re ann\u00e9e CAP Employ\u00e9 Polyvalent de Commerce (EPC)<\/li>\n\n\n\n<li> Le <strong>7 novembre 2023<\/strong>, session SEE au lyc\u00e9e Pierre d&rsquo;Aragon de MURET(31) avec les \u00e9l\u00e8ves d\u2019une classe de premi\u00e8re ann\u00e9e bac pro Relation Client\u00e8le (RC)<\/li>\n\n\n\n<li>Le <strong>13 octobre 2023<\/strong>, pr\u00e9-visite au lyc\u00e9e Pierre d\u2019Aragon de MURET (31) aupr\u00e8s d\u2019\u00e9l\u00e8ves d&rsquo;une classe de 1\u00e8re ann\u00e9e CAP Employ\u00e9 Polyvalent de Commerce (EPC)<\/li>\n\n\n\n<li>Le <strong>10 octobre 2023<\/strong>, pr\u00e9-visite au lyc\u00e9e Pierre d\u2019Aragon de MURET (31) aupr\u00e8s d\u2019\u00e9l\u00e8ves d&rsquo;une classe de 2nde bac pro Relation Client\u00e8le (RC).<\/li>\n\n\n\n<li>Le<strong> 21 septembre 2023<\/strong>, pr\u00e9sentation des conditions de la r\u00e9ussite d&rsquo;un entretien d&#8217;embauche aupr\u00e8s d&rsquo;\u00e9l\u00e8ves de seconde du LPO Champollion de FIGEAC (46).<\/li>\n\n\n\n<li>Le <strong>09 octobre 2023<\/strong>, session SEE au lyc\u00e9e Les Potiers de TOULOUSE (31) avec les \u00e9l\u00e8ves d\u2019une classe de terminale bac pro Syst\u00e8mes Num\u00e9riques (SN).<\/li>\n<\/ul>\n\n\n\n<h2 class=\"wp-block-heading has-vivid-cyan-blue-color has-text-color has-link-color wp-elements-846882838e5ac4f453ecf75d43b30068\" style=\"font-size:25px\">Travail sur CV et lettre de motivation<\/h2>\n\n\n\n<ul class=\"wp-block-list\">\n<li>Le<strong> 2 mai 2024, <\/strong>un animateur est intervenu au coll\u00e8ge Jacque Maur\u00e9 de CASTELGINEST pour expliquer comment r\u00e9diger un CV et une lettre de motivation, et pr\u00e9senter le mentorat.<\/li>\n\n\n\n<li>Le <strong>05 f\u00e9vrier 2024<\/strong>, un animateur AFDET s\u2019est rendu au coll\u00e8ge Jacques Maur\u00e9 de CASTELGINEST (31) pour y travailler la r\u00e9daction d\u2019un CV et d\u2019une lettre de motivation avec des coll\u00e9giens de 3<sup>\u00e8me<\/sup> en d\u00e9but de d\u00e9crochage scolaire.<\/li>\n<\/ul>\n\n\n\n<h2 class=\"wp-block-heading has-vivid-cyan-blue-color has-text-color\" style=\"font-size:25px\">Site AIRBUS : pr\u00e9-visites et encadrement de \u00ab\u00a0let&rsquo;s visit AIRBUS\u00a0\u00bb<\/h2>\n\n\n\n<ul class=\"wp-block-list\">\n<li>Le <strong>14 mars 2024<\/strong>, trois animateurs m\u00e9tiers se sont rendus au coll\u00e8ge de PRAYSSAC (46) aupr\u00e8s d&rsquo;\u00e9l\u00e8ves de troisi\u00e8me pour y pr\u00e9parer leur visite du site Airbus de BLAGNAC.<\/li>\n\n\n\n<li>Le <strong>28 f\u00e9vrier 2024<\/strong>, accueil et accompagnement des \u00e9l\u00e8ves de troisi\u00e8me au coll\u00e8ge Voltaire de COLOMIERS (31) lors de leur visite du site Airbus de BLAGNAC par un animateur AFDET.<\/li>\n\n\n\n<li>Le <strong>27 f\u00e9vrier 2024<\/strong>, trois animateurs m\u00e9tiers se sont rendus au coll\u00e8ge Voltaire de COLOMIERS (31) aupr\u00e8s de jeunes de 3<sup>\u00e8me<\/sup> pour y pr\u00e9parer leur visite du site Airbus de BLAGNAC.<\/li>\n\n\n\n<li>Le <strong>27 f\u00e9vrier 2024<\/strong>,  accueil et accompagnement des \u00e9l\u00e8ves de troisi\u00e8me du Lyc\u00e9e Olympes de Gouges de MONTECH (82) lors de leur visite du site Airbus de BLAGNAC par un animateur AFDET.<\/li>\n\n\n\n<li>Le <strong>26 f\u00e9vrier 2024<\/strong>, deux animateurs m\u00e9tiers se sont rendus au Lyc\u00e9e Olympes de Gouges de MONTECH (82) aupr\u00e8s de jeunes lyc\u00e9ens pour y pr\u00e9parer leur visite du site Airbus de BLAGNAC.<\/li>\n\n\n\n<li>Le <strong>06 f\u00e9vrier 2024<\/strong>, accueil et accompagnement des \u00e9l\u00e8ves de troisi\u00e8me du coll\u00e8ge Voltaire de COLOMIERS (31) lors de leur visite du site Airbus de BLAGNAC par un animateur AFDET.<\/li>\n\n\n\n<li>Le <strong>02 f\u00e9vrier 2024<\/strong>, accueil et accompagnement des \u00e9l\u00e8ves de troisi\u00e8me du coll\u00e8ge de BRASSAC (81) lors de leur visite du site Airbus de BLAGNAC par un animateur AFDET.<\/li>\n\n\n\n<li>Le <strong>25 janvier 2024<\/strong>,  accueil et accompagnement des \u00e9l\u00e8ves de troisi\u00e8me du coll\u00e8ge Flamens de CASTELSARRASIN (82) lors de leur visite du site Airbus de BLAGNAC par un animateur AFDET.<\/li>\n\n\n\n<li>Le <strong>23 janvier 2024<\/strong>, accueil et accompagnement des \u00e9l\u00e8ves de troisi\u00e8me du coll\u00e8ge Voltaire de COLOMIERS (31) lors de leur visite du site Airbus de BLAGNAC par un animateur AFDET.<\/li>\n\n\n\n<li>Le <strong>19 janvier 2024<\/strong>, accueil et accompagnement des \u00e9l\u00e8ves de troisi\u00e8me du LEAP l\u2019Estonnac de BEAUMONT DE LOMAGNE (82) lors de leur visite du site Airbus de BLAGNAC par un animateur AFDET.<\/li>\n\n\n\n<li>Le <strong>18 janvier 2024<\/strong>, deux animateurs m\u00e9tiers se sont rendus au coll\u00e8ge Istrie de PRAYSSAC (46) pour y pr\u00e9parer la visite du site Airbus de BLAGNAC de deux classes de 3<sup>\u00e8me<\/sup><\/li>\n\n\n\n<li>Le <strong>17 janvier 2024<\/strong>, deux animateurs m\u00e9tiers se sont rendus au LEAP l\u2019Estonnac de BEAUMONT DE LOMAGNE (82) pour y pr\u00e9parer la visite du site Airbus de BLAGNAC de coll\u00e9giens de 3<sup>\u00e8me.<\/sup><\/li>\n\n\n\n<li>Le <strong>15 janvier 2024<\/strong>, deux animateurs m\u00e9tiers se sont rendus au coll\u00e8ge Flamens de CASTELSARRAZIN (82) pour y pr\u00e9parer la visite du site Airbus de BLAGNAC de coll\u00e9giens de 3<sup>\u00e8me<\/sup><\/li>\n\n\n\n<li>Le <strong>16 janvier 2024<\/strong>, accueil et accompagnement des \u00e9l\u00e8ves de troisi\u00e8me du coll\u00e8ge B\u00e9tance de MURET (31) lors de leur visite du site Airbus de BLAGNAC par un animateur AFDET.<\/li>\n\n\n\n<li>Le <strong>09 janvier 2024<\/strong> un animateurs m\u00e9tier s\u2019est rendu au coll\u00e8ge B\u00e9tance de MURET (31) pour y pr\u00e9parer la visite du site Airbus de BLAGNAC de coll\u00e9giens de 3<sup>\u00e8me<\/sup><\/li>\n\n\n\n<li>Le <strong>09 janvier 2024<\/strong>, accueil et accompagnement des \u00e9l\u00e8ves de troisi\u00e8me du coll\u00e8ge du Haut Lavedan de PIERREFITTE-NESTALAS (65) lors de leur visite du site Airbus de BLAGNAC par un animateur AFDET.<\/li>\n\n\n\n<li>Le <strong>19 d\u00e9cembre 2023<\/strong>, deux animateurs m\u00e9tiers se sont rendus au coll\u00e8ge du Haut-Lavedan de PIERREFITTE-NESTALAS (65) pour y pr\u00e9parer la visite du site Airbus de BLAGNAC de coll\u00e9giens de 3<sup>\u00e8me<\/sup>.<\/li>\n\n\n\n<li>Le <strong>12 d\u00e9cembre 2023<\/strong>, accueil et accompagnement des \u00e9l\u00e8ves de troisi\u00e8me du coll\u00e8ge Vasconie de MIELAN (32) lors de leur visite du site Airbus de BLAGNAC par un animateur AFDET.<\/li>\n\n\n\n<li>Le <strong>4 d\u00e9cembre 2023,<\/strong> deux animateurs m\u00e9tiers se sont rendus au coll\u00e8ge Vasconie de MIELAN (32) pour y pr\u00e9parer la visite du site Airbus de BLAGNAC de coll\u00e9giens de 3<sup>\u00e8me<\/sup>.<\/li>\n\n\n\n<li>&nbsp;<\/li>\n<\/ul>\n\n\n<div class=\"wp-block-image is-style-default\">\n<figure class=\"aligncenter size-full\"><img loading=\"lazy\" decoding=\"async\" width=\"337\" height=\"88\" src=\"https:\/\/afdetoccitaniemp.fr\/wp-content\/uploads\/2023\/02\/Capture-annee-2022-2023.jpg\" alt=\"\" class=\"wp-image-2816\" srcset=\"https:\/\/afdetoccitaniemp.fr\/wp-content\/uploads\/2023\/02\/Capture-annee-2022-2023.jpg 337w, https:\/\/afdetoccitaniemp.fr\/wp-content\/uploads\/2023\/02\/Capture-annee-2022-2023-300x78.jpg 300w\" sizes=\"auto, (max-width: 337px) 100vw, 337px\" \/><\/figure>\n<\/div>\n\n\n<h5 class=\"wp-block-heading has-vivid-cyan-blue-color has-text-color has-normal-font-size\"><strong>Bilan 2022-2023<\/strong><\/h5>\n\n\n\n<p> Dans le cadre de la pr\u00e9sentation des m\u00e9tiers (dans les forums et dans les coll\u00e8ges), de l\u2019entra\u00eenement aux \u00e9preuves orales, des simulations d\u2019entretien, et des visites du site Airbus, <strong>1134 \u00e9l\u00e8ves<\/strong> ont \u00e9t\u00e9 vus, dont <strong>481<\/strong> filles.<strong> 65<\/strong> interventions ont mobilis\u00e9 18 animateurs pendant un total de <strong>561<\/strong> heures en direct avec une classe.<\/p>\n\n\n\n<figure class=\"wp-block-image size-full is-style-default\"><img loading=\"lazy\" decoding=\"async\" width=\"720\" height=\"450\" src=\"https:\/\/afdetoccitaniemp.fr\/wp-content\/uploads\/2023\/10\/Capture-heures-missions-2022-2023.jpg\" alt=\"\" class=\"wp-image-3925\" srcset=\"https:\/\/afdetoccitaniemp.fr\/wp-content\/uploads\/2023\/10\/Capture-heures-missions-2022-2023.jpg 720w, https:\/\/afdetoccitaniemp.fr\/wp-content\/uploads\/2023\/10\/Capture-heures-missions-2022-2023-300x188.jpg 300w\" sizes=\"auto, (max-width: 720px) 100vw, 720px\" \/><\/figure>\n\n\n\n<figure class=\"wp-block-image size-full is-style-default\"><img loading=\"lazy\" decoding=\"async\" width=\"734\" height=\"441\" src=\"https:\/\/afdetoccitaniemp.fr\/wp-content\/uploads\/2023\/10\/Capture-graph-interventions-2022-2023.jpg\" alt=\"\" class=\"wp-image-3924\" srcset=\"https:\/\/afdetoccitaniemp.fr\/wp-content\/uploads\/2023\/10\/Capture-graph-interventions-2022-2023.jpg 734w, https:\/\/afdetoccitaniemp.fr\/wp-content\/uploads\/2023\/10\/Capture-graph-interventions-2022-2023-300x180.jpg 300w\" sizes=\"auto, (max-width: 734px) 100vw, 734px\" \/><\/figure>\n\n\n\n<h5 class=\"wp-block-heading has-vivid-cyan-blue-color has-white-background-color has-text-color has-background has-normal-font-size\"><strong><a rel=\"noreferrer noopener\" href=\"https:\/\/afdetoccitaniemp.fr\/?page_id=356\" data-type=\"page\" data-id=\"356\" target=\"_blank\">Entreprise lyc\u00e9enne<\/a> (Schola Ingeniosa)<\/strong><\/h5>\n\n\n\n<p>Cr\u00e9\u00e9e le 16 septembre 2021,sous la houlette de notre animateur Bernard VILOTTE, la mini-entreprise imagin\u00e9e par 14 \u00e9l\u00e8ves de 1\u00e8re bac pro \u00ab&nbsp;m\u00e9tiers de la mode \u2013 v\u00eatements&nbsp;\u00bb du lyc\u00e9e Toulouse-Lautrec d\u2019ALBI, encadr\u00e9e par leurs professeures de sp\u00e9cialit\u00e9 et d\u2019arts appliqu\u00e9s a pu admirer le <strong>21 novembre 2022<\/strong>, \u00e0 la gare d\u2019ALBI-Madeleine, l\u2019aboutissement de son projet de concevoir et de confectionner un tablier de serveur de restaurant destin\u00e9 \u00e0 de jeunes trisomiques de l\u2019association \u00ab&nbsp;citoyens 21&nbsp;\u00bb.<\/p>\n\n\n\n<h5 class=\"wp-block-heading has-white-background-color has-background has-normal-font-size\"><a rel=\"noreferrer noopener\" href=\"https:\/\/afdetoccitaniemp.fr\/?page_id=594\" data-type=\"page\" data-id=\"594\" target=\"_blank\"><strong>Forums &amp;<\/strong><\/a><strong><a href=\"https:\/\/afdetoccitaniemp.fr\/?page_id=443\" data-type=\"page\" data-id=\"443\"> Salons<\/a><\/strong><\/h5>\n\n\n\n<ul class=\"wp-block-list\">\n<li>Les <strong>23 &amp; 24 septembre 2022<\/strong>, \u00e0 l\u2019a\u00e9rodrome de Francazal dans le cadre de l\u2019Avion des M\u00e9tiers;<\/li>\n\n\n\n<li>Le<strong> 30 septembre 2022<\/strong>, \u00e0 la Cit\u00e9 de TOULOUSE, dans le cadre des Cl\u00e9s d\u2019Avenir ;<\/li>\n\n\n\n<li>Le <strong>21 octobre 2022, <\/strong>op\u00e9ration sp\u00e9ciale au Lyc\u00e9e Pierre d\u2019Aragon de MURET (31) ;<\/li>\n\n\n\n<li>Les <strong>13 et 14 d\u00e9cembre 2022<\/strong>, Salon ID M\u00e9tiers, organis\u00e9 par la R\u00e9gion OCCITANIE au Hall du Comminges \u00e0 SAINT-GAUDENS (31) ;<\/li>\n\n\n\n<li>Le<strong> 22 novembre 2022<\/strong>, forum A\u00e9rom\u00e9tiers de BLAGNAC (31).<\/li>\n\n\n\n<li>Le <strong>22 novembre 2022<\/strong>, forum des m\u00e9tiers \u00e0 la halle d\u2019Occitanie \u00e0 LAVAUR (81).<\/li>\n\n\n\n<li>Le <strong>06 d\u00e9cembre 2022,<\/strong> forum au Diagora de LABEGE (31).<\/li>\n\n\n\n<li>Le <strong>12 d\u00e9cembre 2022,<\/strong> forum au lyc\u00e9e Saint-Exup\u00e9ry de BLAGNAC (31)&nbsp;;<\/li>\n\n\n\n<li>Les <strong>13 &amp; 14 d\u00e9cembre 2022<\/strong>, forum ID M\u00e9tiers \u00e0 SAINT-GAUDENS (31)&nbsp;;<\/li>\n\n\n\n<li>Le <strong>09 janvier 2023<\/strong>, forum au lyc\u00e9e Saint-Exup\u00e9ry de BLAGNAC (31)&nbsp;;<\/li>\n\n\n\n<li>Les <strong>19 &amp; 20 janvier 2023<\/strong>, journ\u00e9es de l\u2019orientation \u00e0 la salle des f\u00eates Les Ramiers \u00e0 BLAGNAC (31)&nbsp;;<\/li>\n\n\n\n<li>Le <strong>27 janvier 2023<\/strong>, forum au lyc\u00e9e Notre-Dame de CASTRES (81);<\/li>\n\n\n\n<li>Le <strong>07 f\u00e9vrier 2023,<\/strong> forum des \u00e9tablissements catholiques, salle Fernan \u00e0 PAMIERS (09)&nbsp;;<\/li>\n\n\n\n<li>Le <strong>16 f\u00e9vrier 2023<\/strong>, forum des m\u00e9tiers \u00e0 l\u2019espace Monesti\u00e9 de PLAISANCE-DU-TOUCH (31)<\/li>\n\n\n\n<li>Le <strong>17 f\u00e9vrier 2023<\/strong>, forum des m\u00e9tiers au coll\u00e8ge Jean de Prades \u00e0 CASTELSARRASIN (82)&nbsp;;<\/li>\n<\/ul>\n\n\n\n<h5 class=\"wp-block-heading has-vivid-cyan-blue-color has-white-background-color has-text-color has-background has-normal-font-size\"><strong><a rel=\"noreferrer noopener\" href=\"https:\/\/afdetoccitaniemp.fr\/?page_id=361\" data-type=\"page\" data-id=\"361\" target=\"_blank\">Pr\u00e9<\/a>paration \u00e0 la pr\u00e9sentation orale du chef d&rsquo;oeuvre<\/strong><\/h5>\n\n\n\n<ul class=\"wp-block-list\">\n<li>Le <strong>14 mars 2023,<\/strong> au lyc\u00e9e Pierre d\u2019Aragon de MURET (31), nos animateurs devaient entra\u00eener les \u00e9l\u00e8ves de terminale Commerce et Vente \u00e0 cette nouvelle \u00e9preuve du bac pro, mais cette session a \u00e9t\u00e9 annul\u00e9e par l\u2019\u00e9quipe p\u00e9dagogique, car les int\u00e9ress\u00e9s n\u2019\u00e9taient pas pr\u00eats.<\/li>\n\n\n\n<li>Le <strong>mardi 09 mai 2023, <\/strong>de 8h30 \u00e0 12h00,quatre de nos animateurs ont entra\u00een\u00e9 25 \u00e9l\u00e8ves de premi\u00e8re bac pro MCVA du lyc\u00e9e Pierre d\u2019Aragon de MURET (31) \u00e0 l\u2019\u00e9preuve orale individuelle de pr\u00e9sentation du chef d\u2019\u0153uvre r\u00e9alis\u00e9 par leur classe. De 13h30 \u00e0 14h30, ils les ont tous retrouv\u00e9s, avec leur professeur de sp\u00e9cialit\u00e9, pour un bilan anonyme et collectif des prestations en t\u00eate-\u00e0-t\u00eate.<\/li>\n\n\n\n<li><\/li>\n<\/ul>\n\n\n\n<h5 class=\"wp-block-heading has-vivid-cyan-blue-color has-white-background-color has-text-color has-background has-normal-font-size\"><strong><a rel=\"noreferrer noopener\" href=\"https:\/\/afdetoccitaniemp.fr\/?page_id=361\" data-type=\"page\" data-id=\"361\" target=\"_blank\">Pr\u00e9sentation des m\u00e9tiers<\/a> (Horizon M\u00e9tiers)<\/strong><\/h5>\n\n\n\n<ul class=\"wp-block-list\">\n<li>Le <strong>20 octobre 2022<\/strong>, rencontre d\u2019\u00e9l\u00e8ves de la MDLS du lyc\u00e9e Charles de Gaulle \u00e0 MURET (31);<\/li>\n\n\n\n<li>LE <strong>8 d\u00e9cembre 2022<\/strong>, rencontre d\u2019\u00e9l\u00e8ves de 3\u00e8me du coll\u00e8ge Jean-Jaur\u00e8s d&rsquo;ALBI;<\/li>\n\n\n\n<li>Le <strong>12 d\u00e9cembre 2022<\/strong>, rencontre d\u2019\u00e9l\u00e8ves de 3\u00e8me du coll\u00e8ge J-J Rousseau de LABASTIDE-SAINT-PIERRE (82);<\/li>\n\n\n\n<li>Le <strong>16 mars 2023<\/strong>, rencontre d\u2019\u00e9l\u00e8ves de 3\u00e8me du lyc\u00e9e \u00c9lisabeth et Norbert Casteret de SAINT-GAUDENS (31);<\/li>\n<\/ul>\n\n\n\n<h5 class=\"wp-block-heading has-vivid-cyan-blue-color has-white-background-color has-text-color has-background has-normal-font-size\"><strong><a rel=\"noreferrer noopener\" href=\"https:\/\/afdetoccitaniemp.fr\/?page_id=320\" data-type=\"page\" data-id=\"320\" target=\"_blank\">Simulations d&rsquo;entretiens d&#8217;embauche et de recherche de PFMP<\/a> (SEE)<\/strong><\/h5>\n\n\n\n<ul class=\"wp-block-list\">\n<li>Le <strong>20 septembre 2022<\/strong>, pr\u00e9-visite au lyc\u00e9e Pierre d\u2019Aragon de MURET (31) aupr\u00e8s d\u2019\u00e9l\u00e8ves de 2 classes de bac pro Relation Client\u00e8le (RC).<\/li>\n\n\n\n<li>Le <strong>27 septembre 2022<\/strong>, session SEE au lyc\u00e9e Pierre d\u2019Aragon de MURET (31) avec des \u00e9l\u00e8ves d\u2019une classe de bac pro Relation Client\u00e8le (RC).<\/li>\n\n\n\n<li>Le <strong>4 octobre 2022<\/strong>, session SEE au lyc\u00e9e Pierre d\u2019Aragon de MURET (31) avec des \u00e9l\u00e8ves d\u2019une classe de bac pro Relation Client\u00e8le (RC).<\/li>\n\n\n\n<li>Le <strong>17 octobre 2022<\/strong> session SEE au lyc\u00e9e des Potiers \u00e0 TOULOUSE (31) avec des \u00e9l\u00e8ves d\u2019une classe de bac pro Transition Energ\u00e9tique (TN).<\/li>\n\n\n\n<li>Le <strong>20 octobre 2023<\/strong> pr\u00e9-visite au lyc\u00e9e Pierre d\u2019Aragon de MURET (31) aupr\u00e8s d\u2019\u00e9l\u00e8ves de 2nde CAP EPC.<\/li>\n\n\n\n<li>Le<strong> 8 novembre 2022<\/strong>, pr\u00e9-visite au lyc\u00e9e Pierre d\u2019Aragon de MURET (31) d\u2019une classe de 2nde CAP EPC (Equipier Polyvalent de Commerce) en distanciel ;<\/li>\n\n\n\n<li>Le <strong>22 novembre 2022<\/strong>, interviews au lyc\u00e9e Pierre d\u2019Aragon de MURET (31) d\u2019\u00e9l\u00e8ves d\u2019une classe de 2nde CAP EPC (Equipier Polyvalent de Commerce) ;<\/li>\n\n\n\n<li>Le <strong>13 d\u00e9cembre 2022<\/strong>, pr\u00e9-visite au lyc\u00e9e Pierre d\u2019Aragon de MURET (31) <\/li>\n\n\n\n<li><strong>Le 11 janvier 2023,<\/strong> entretiens au lyc\u00e9e Pierre d\u2019Aragon de MURET (31) avec 28 \u00e9l\u00e8ves de terminale bac pro AGORA ;<\/li>\n\n\n\n<li>Le <strong>12 janvier 2023<\/strong>, interviews de 18 \u00e9l\u00e8ves d\u2019une classe de terminale bac pro commerce &nbsp;au lyc\u00e9e d\u2019Artagnan de NOGARO (32)&nbsp;;<\/li>\n\n\n\n<li>Le <strong>14 f\u00e9vrier 2023<\/strong>, interviews de 28 \u00e9l\u00e8ves d\u2019une classe de terminale bac pro commerce et vente au lyc\u00e9e Pierre d\u2019Aragon de MURET (31) ;<\/li>\n\n\n\n<li>Le <strong>16 f\u00e9vrier 2023<\/strong>, pr\u00e9 visite au lyc\u00e9e Pierre d\u2019Aragon de MURET (31) aupr\u00e8s de 30 \u00e9l\u00e8ves de 2<sup>nde<\/sup> bac pro GATL (Gestion Administrative de la Logistique et du transport).<\/li>\n\n\n\n<li>Le <strong>10 mars 2023<\/strong>, entretiens au lyc\u00e9e Le Garros \u00e0 AUCH (32) avec 28 \u00e9l\u00e8ves de diff\u00e9rentes classes de terminale.<\/li>\n\n\n\n<li>Le<strong> 21 mars 2023<\/strong>, interviews au lyc\u00e9e Pierre d\u2019Aragon de MURET (31) de 31 \u00e9l\u00e8ves d\u2019une classe de 2nde Bac Pro GATL (Gestion Administrative de la Logistique et du transport).<\/li>\n\n\n\n<li>Le<strong> 24 mars 2023<\/strong>, pr\u00e9 visite en visioconf\u00e9rence au Lyc\u00e9e Jean-Jaur\u00e8s de CARMAUX (81). Absence des \u00e9l\u00e8ves pour cause de gr\u00e8ve.<\/li>\n\n\n\n<li>Le<strong> 7 avril 2023,<\/strong>  interviews au lyc\u00e9e Jean Jaur\u00e8s de CARMAUX (81) d&rsquo;\u00e9l\u00e8ves de terminale.<\/li>\n\n\n\n<li><strong>Le 10 mai 2023 matin,<\/strong> pr\u00e9 visite \u00e0 l\u2019EREA de PAMIERS (09) aupr\u00e8s de deux classes de CAP (ma\u00e7onnerie, MIS, peintre applicateur de rev\u00eatement, PSR)<\/li>\n\n\n\n<li><strong>Le 15 mai 2023 apr\u00e8s-midi, <\/strong>simulations d\u2019entretiens en t\u00eate-\u00e0-t\u00eate avec 13 \u00e9l\u00e8ves de CAP de l\u2019EREA de PAMIERS (09)&nbsp;;<\/li>\n\n\n\n<li><strong>Le 17 mai 2023 matin, <\/strong>simulations d\u2019entretiens en t\u00eate-\u00e0-t\u00eate avec 6 \u00e9l\u00e8ves de CAP de l\u2019EREA de PAMIERS (09)&nbsp;;<\/li>\n<\/ul>\n\n\n\n<h5 class=\"wp-block-heading has-vivid-cyan-blue-color has-white-background-color has-text-color has-background has-normal-font-size\"><a href=\"https:\/\/afdetoccitaniemp.fr\/?page_id=520\" data-type=\"page\" data-id=\"520\"><strong>Site AIRBUS : pr\u00e9-visites et encadremen<\/strong>t <strong>de Let&rsquo;s Visit A<\/strong><\/a><strong>irbus<\/strong><\/h5>\n\n\n\n<ul class=\"wp-block-list\">\n<li>Le<strong> 6 d\u00e9cembre 2022,<\/strong> encadrement de la visite des sites Airbus et A\u00e9roscopia par des \u00e9l\u00e8ves de 3\u00e8me du coll\u00e8ge Marengo de TOULOUSE (31).<\/li>\n\n\n\n<li>Le <strong>8 d\u00e9cembre 2022,<\/strong> encadrement de la visite des sites Airbus et A\u00e9roscopia par des \u00e9l\u00e8ves de 3\u00e8me du coll\u00e8ge Montalet de LACAUNE (81).<\/li>\n\n\n\n<li>Le <strong>12 janvier 2023<\/strong>, pr\u00e9-visite Airbus au coll\u00e8ge Jean-Jacques ROUSSEAU de LABASTIDE-SAINT-PIERRE (82) aupr\u00e8s d\u2019\u00e9l\u00e8ves de 3<sup>\u00e8me<\/sup>&nbsp;;<\/li>\n\n\n\n<li>Le <strong>18 janvier 2023<\/strong>, pr\u00e9-visite Airbus au coll\u00e8ge Pierre Flamens de CASTELSARRASIN (82) aupr\u00e8s d\u2019\u00e9l\u00e8ves de 3<sup>\u00e8me<\/sup>&nbsp;;<\/li>\n\n\n\n<li>Le <strong>26 janvier 2023<\/strong>, pr\u00e9-visite Airbus au coll\u00e8ge d\u2019Istrie de PRAISSAC (46) aupr\u00e8s d\u2019\u00e9l\u00e8ves de 3<sup>\u00e8me<\/sup>&nbsp;;<\/li>\n\n\n\n<li>Le <strong>30 janvier 2023<\/strong>, encadrement de la visite du site Airbus avec des \u00e9l\u00e8ves de 3<sup>\u00e8me<\/sup> du coll\u00e8ge Istrie de PRAISSAC (46)&nbsp;;<\/li>\n\n\n\n<li>Le <strong>02 f\u00e9vrier 2023<\/strong>, encadrement de la visite du site Airbus avec des \u00e9l\u00e8ves de 3<sup>\u00e8me <\/sup>du coll\u00e8ge Jean-Jacques ROUSSEAU de LABASTIDE-SAINT-PIERRE (82).&nbsp;<\/li>\n\n\n\n<li>Le <strong>08 f\u00e9vrier 2023<\/strong>, pr\u00e9-visite Airbus au coll\u00e8ge Vercing\u00e9torix de MONTECH (82), aupr\u00e8s d\u2019\u00e9l\u00e8ves de 3<sup>\u00e8me<\/sup>&nbsp;;<\/li>\n\n\n\n<li>Le <strong>09 f\u00e9vrier 2023<\/strong>, pr\u00e9-visite Airbus au coll\u00e8ge Pierre Mend\u00e8s-France de VIC-BIGORRE (65), aupr\u00e8s d\u2019\u00e9l\u00e8ves de 3<sup>\u00e8me<\/sup>&nbsp;;<\/li>\n\n\n\n<li>Le <strong>14 f\u00e9vrier 2023<\/strong>, encadrement de la visite du site Airbus avec des \u00e9l\u00e8ves de 3<sup>\u00e8me <\/sup>du coll\u00e8ge Vercing\u00e9torix de MONTECH (82)&nbsp;;<\/li>\n\n\n\n<li>Le <strong>14 f\u00e9vrier 2023<\/strong>, encadrement de la visite du site Airbus avec des \u00e9l\u00e8ves de 3<sup>\u00e8me <\/sup>du coll\u00e8ge Pierre Mend\u00e8s-France de VIC-BIGORRE (65)&nbsp;;<\/li>\n\n\n\n<li>Le <strong>16 f\u00e9vrier 2023<\/strong>, encadrement de la visite du site Airbus avec des \u00e9l\u00e8ves de 3<sup>\u00e8me <\/sup>du coll\u00e8ge Pierre Flamens de CASTELSARRASIN (82)&nbsp;;<\/li>\n<\/ul>\n","protected":false},"excerpt":{"rendered":"<p>Forums Simulations d&rsquo;entretien d&#8217;embauche et de recherche de PFMP\/stage (SEE) Site AIRBUS : pr\u00e9-visites et encadrement de \u00ab\u00a0let&rsquo;s visit AIRBUS\u00a0\u00bb Le jeudi 19 octobre 2023, Michel RAUFAST, responsable des missions <a class=\"more-link\" href=\"https:\/\/afdetoccitaniemp.fr\/?page_id=2804\">Continue Reading &rarr;<\/a><\/p>\n","protected":false},"author":1,"featured_media":0,"parent":93,"menu_order":-1,"comment_status":"closed","ping_status":"closed","template":"","meta":{"footnotes":""},"class_list":["post-2804","page","type-page","status-publish","hentry"],"_links":{"self":[{"href":"https:\/\/afdetoccitaniemp.fr\/index.php?rest_route=\/wp\/v2\/pages\/2804","targetHints":{"allow":["GET"]}}],"collection":[{"href":"https:\/\/afdetoccitaniemp.fr\/index.php?rest_route=\/wp\/v2\/pages"}],"about":[{"href":"https:\/\/afdetoccitaniemp.fr\/index.php?rest_route=\/wp\/v2\/types\/page"}],"author":[{"embeddable":true,"href":"https:\/\/afdetoccitaniemp.fr\/index.php?rest_route=\/wp\/v2\/users\/1"}],"replies":[{"embeddable":true,"href":"https:\/\/afdetoccitaniemp.fr\/index.php?rest_route=%2Fwp%2Fv2%2Fcomments&post=2804"}],"version-history":[{"count":94,"href":"https:\/\/afdetoccitaniemp.fr\/index.php?rest_route=\/wp\/v2\/pages\/2804\/revisions"}],"predecessor-version":[{"id":4887,"href":"https:\/\/afdetoccitaniemp.fr\/index.php?rest_route=\/wp\/v2\/pages\/2804\/revisions\/4887"}],"up":[{"embeddable":true,"href":"https:\/\/afdetoccitaniemp.fr\/index.php?rest_route=\/wp\/v2\/pages\/93"}],"wp:attachment":[{"href":"https:\/\/afdetoccitaniemp.fr\/index.php?rest_route=%2Fwp%2Fv2%2Fmedia&parent=2804"}],"curies":[{"name":"wp","href":"https:\/\/api.w.org\/{rel}","templated":true}]}}